{"id":1818,"date":"2022-01-13T13:10:21","date_gmt":"2022-01-13T13:10:21","guid":{"rendered":"http:\/\/www.gasserdaniel.ch\/?page_id=1818"},"modified":"2024-03-25T18:03:05","modified_gmt":"2024-03-25T18:03:05","slug":"editorials","status":"publish","type":"page","link":"http:\/\/www.gasserdaniel.ch\/?page_id=1818","title":{"rendered":"Editorials"},"content":{"rendered":"\n<p class=\"has-medium-font-size\">Alle 14 Tage hat die Gemeinde Ebikon eine Doppelseite im Rontaler. Das Editorial wird jeweils durch einen Gemeinderat geschrieben. Hier eine Auflistung meiner Gedanken:<\/p>\n\n\n\n<p class=\"has-large-font-size\"><strong>Herbst und Erntedank<\/strong><\/p>\n\n\n\n<p class=\"has-normal-font-size\"><strong>Rontaler vom 21.10.2021<\/strong><\/p>\n\n\n\n<p>Liebe \u00c4bikerinnen und \u00c4biker<\/p>\n\n\n\n<p>Rostrot, Braun, Orange und Gold. Das Naturschauspiel beeindruckt Jahr f\u00fcr Jahr.&nbsp;Nach jeweils fr\u00fchmorgendlichem Nebel erleben wir dieses Jahr den Herbst bei sch\u00f6nstem Wetter.<\/p>\n\n\n\n<p>Immer am ersten Sonntag im Oktober wird in der Schweiz der Erntedank gefeiert. Dies ist auch ein R\u00fcckblick auf die Arbeit der letzten Monate. Wegen den Unwetterkapriolen des letzten Sommers fallen die Ertr\u00e4ge je nach Branche sehr unterschiedlich aus.<\/p>\n\n\n\n<p>Die Politik funktioniert \u00e4hnlich. Auch hier sind die Erfolge je nach Jahr und Bereich verschieden.<\/p>\n\n\n\n<p>Diesen Herbst geht das Bau- und Zonenreglement in die \u00f6ffentliche Mitwirkung. Dies ist die Ernte einer \u00fcber neunj\u00e4hrigen Arbeit. Die gr\u00f6sste Herausforderung war dabei nicht das Wetter, sondern die stetige Anpassung an neue kantonale Vorgaben.&nbsp;<\/p>\n\n\n\n<p>Ebenfalls diesen Herbst ernten wir die R\u00fcckmeldungen zur Vernehmlassung Einwohnerrat. Wie in der Landwirtschaft gibt es hier sehr verschiedene Ansichten \u00fcber das erfolgreiche Vorgehen.<\/p>\n\n\n\n<p>Daneben gibt es viele kleine Ernten. Die sanierte Schl\u00f6sslistrasse, der bepflanzte Kreisel Schachenweid, der Radweg am Rotsee oder die Erweiterung des Friedhofes sind nur einige Beispiele. Und bereits sind mit der Neugestaltung des Schmiedhofparkes oder neuen Blument\u00f6pfen entlang der Kantonsstrasse neue Samen gepflanzt.<\/p>\n\n\n\n<p>Geniessen wir gemeinsam diesen sch\u00f6nen Herbst.<\/p>\n\n\n\n<p>Daniel Gasser<\/p>\n\n\n\n<p>Gemeindepr\u00e4sident<\/p>\n\n\n\n<p class=\"has-large-font-size\"><strong>\u201eErst die Fremde lehrt uns, was wir an der Heimat haben.\u201c&nbsp;<em>(Theodor Fontane)<\/em><\/strong><\/p>\n\n\n\n<p><strong>Rontaler vom 12.08.2021<\/strong><\/p>\n\n\n\n<p>Unsere diesj\u00e4hrigen Sommerferien haben meine Frau und mich von Griechenland \u00fcber den Landweg zur\u00fcck in die Schweiz gef\u00fchrt. Sechs L\u00e4nder mit ihren unterschiedlichen Kulturen und wunderbaren Landschaften durften wir dabei erleben.<\/p>\n\n\n\n<p>Was mich sehr bewegt hat, ist die Gastfreundlichkeit \u2013 gerade in den \u00e4rmeren Gebieten des Balkans. Trotz allen Sprachwidrigkeiten: Bei Fragen nehmen sich alle die Zeit, zu helfen. H\u00e4ufig dann auch gleich noch verbunden mit einem Glas Wein oder Raki.<\/p>\n\n\n\n<p>Doch wir haben auch die Schattenseiten gesehen. Seien es der st\u00e4ndige M\u00fcll am Strassenrand und an den sch\u00f6nsten Strandabschnitten, die zum Teil haarstr\u00e4ubenden Fahrk\u00fcnste oder die Baus\u00fcnden der letzten dreissig Jahre.<\/p>\n\n\n\n<p>Trotzdem sp\u00fcrt man \u00fcberall den Aufbruch. Speziell erw\u00e4hnen m\u00f6chte ich einen Campingbetreiber. Nach vierzig Jahren in Genf, mit einer klassischen Tellerw\u00e4scher-Karriere, erf\u00fcllt er sich den Traum eines eigenen Campingplatzes in seiner Heimat. Der gr\u00f6sste Teil seines Teams besteht aus sechzehnj\u00e4hrigen Jugendlichen. Er unterrichtet sie in Englisch, Gastronomie und Dienstleistung. Vor allem aber gibt er ihnen eine Perspektive, da Berufslehren hier kaum existieren.<\/p>\n\n\n\n<p>Dieser Urlaub f\u00fchrte mir einmal mehr vor Augen, wie &nbsp;strukturiert die Schweiz ist und wie gut wir hier leben. Ich stelle fest: Ich fahre gerne weg, komme aber auch gerne immer wieder nach Hause nach Ebikon. Manchmal tut so eine Auszeit mit Aussensicht einfach gut.<\/p>\n\n\n\n<p>Daniel Gasser<\/p>\n\n\n\n<p>Gemeindepr\u00e4sident<\/p>\n\n\n\n<p class=\"has-large-font-size\"><strong>Ebikon und der Durchgangsbahnhof<\/strong><\/p>\n\n\n\n<p><strong>Rontaler vom 08.07.2021<\/strong><\/p>\n\n\n\n<p>Liebe \u00c4bikerinnen und \u00c4biker<\/p>\n\n\n\n<p>Mit der medialen Berichterstattung zur Testplanung der Stadt Luzern und den angek\u00fcndigten Abstellgleisen in Dierikon ist der Durchgangsbahnhof (DBL) in den Fokus vieler B\u00fcrgerinnen und B\u00fcrger ger\u00fcckt. Und vielleicht werden auch Sie im Verlauf dieses Jahres auf einem Spaziergang feststellen, dass Probebohrungen beim Rotsee stattfinden.<\/p>\n\n\n\n<p>F\u00fcr Ebikon und das ganze Rontal stellt dieses Jahrhundert-Bauwerk eine grosse Chance dar, denn mit dem DBL kann ein 15-Minuten-Takt im Regionalverkehr eingef\u00fchrt werden.<\/p>\n\n\n\n<p>Der Bahnhof Ebikon wird bereits mit dem Ausbauschritt 2035 f\u00fcr den Halt des Regioexpress ausgebaut. Dadurch wird Ebikon schon vor der Fertigstellung des DBL im 30-Minuten-Takt mit Luzern, Zug und Z\u00fcrich verbunden.<\/p>\n\n\n\n<p>Parallel dazu wird der Bau des DBL zu Immissionen f\u00fchren. Die Gemeinde Ebikon bringt sich deshalb aktiv in die Planungsprozesse ein. Im Austausch mit den SBB, dem Kanton und weiteren Partnern werden momentan Themen wie Naturschutz, &nbsp;Baulinien, Tunnelportal und m\u00f6gliche Bauinstallationspl\u00e4tze diskutiert.<\/p>\n\n\n\n<p>Da sich die Planung immer noch auf Stufe Vorprojekt bewegt, w\u00e4re es verfr\u00fcht, schon heute im Detail zu kommunizieren. Mit Abschluss des Vorprojekts werden wir zusammen mit den SBB erste Eckwerte und Stossrichtungen pr\u00e4sentieren.<\/p>\n\n\n\n<p>Passend zur Fussball-EM versichere ich Ihnen: Wir bleiben am Ball, um die Chancen und Herausforderungen dieses Projektes f\u00fcr Ebikon optimal umzusetzen.<\/p>\n\n\n\n<p>Daniel Gasser<\/p>\n\n\n\n<p>Gemeindepr\u00e4sident<\/p>\n\n\n\n<p class=\"has-large-font-size\"><strong>Ebikon im regen Austausch<\/strong><\/p>\n\n\n\n<p><strong>Rontaler vom 14.05.2021<\/strong><\/p>\n\n\n\n<p>Liebe \u00c4bikerinnen und \u00c4biker<\/p>\n\n\n\n<p>Im Schatten der Pandemie wird die Zukunft der Gemeinde in verschiedenen Projekten intensiv diskutiert.<\/p>\n\n\n\n<p>Politisch ist sicher der Prozess zur Revision der Gemeindeordnung zentral. Die eingesetzte Spezialkommission hat bereits drei Mal getagt und langsam zeigen sich erste Tendenzen in den Parteihaltungen. Nach der \u00f6ffentlichen Mitwirkung im Herbst ist hier das Ziel die Urnenabstimmung im n\u00e4chsten Februar.<br><br>Demn\u00e4chst ver\u00f6ffentlichen wir den Vernehmlassungsbericht zur \u00dcberdachung der K17. Dieser Bericht basiert auf einer breiten Vernehmlassung bei Parteien und weiteren Anspruchsgruppen.<\/p>\n\n\n\n<p>Parallel dazu starten wir eine langfristige Zentrumsplanung. Darin wollen wir nicht nur den Strassenraum der Kantonsstrasse betrachten, sondern das ganze Zentrum der Gemeinde in die \u00dcberlegungen miteinbeziehen. Auch in diesem Prozess wird die Bev\u00f6lkerung eine Mitsprache haben.<\/p>\n\n\n\n<p>Und schliesslich haben wir wichtige Meilensteine in Schulraumplanung, Strategie, und Legislaturprogramm erreicht. Alle Themen in Zusammenarbeit zwischen Gemeinderat, Arbeitsgruppen, Parteien und Kommissionen.<\/p>\n\n\n\n<p>Sie sehen, im partizipativen Prozess l\u00e4uft einiges in Ebikon. Wenn sie detailliertere Informationen zu einzelnen Themen m\u00f6chten, weise ich gerne auf unsere neue Webseite hin, aber auch auf die beiden Videos, welche wir anstelle der Orientierungsversammlung ab n\u00e4chster Woche aufschalten.<\/p>\n\n\n\n<p>Bleiben Sie informiert.<\/p>\n\n\n\n<p>Daniel Gasser<\/p>\n\n\n\n<p>Gemeindepr\u00e4sident<\/p>\n","protected":false},"excerpt":{"rendered":"<p>Alle 14 Tage hat die Gemeinde Ebikon eine Doppelseite im Rontaler. Das Editorial wird jeweils durch einen Gemeinderat geschrieben. Hier eine Auflistung meiner Gedanken: Herbst und Erntedank Rontaler vom 21.10.2021 Liebe \u00c4bikerinnen und \u00c4biker Rostrot, Braun, Orange und Gold. Das &hellip; <a href=\"http:\/\/www.gasserdaniel.ch\/?page_id=1818\">Weiterlesen <span class=\"meta-nav\">&rarr;<\/span><\/a><\/p>\n","protected":false},"author":1,"featured_media":0,"parent":0,"menu_order":4,"comment_status":"closed","ping_status":"closed","template":"","meta":{"footnotes":""},"class_list":["post-1818","page","type-page","status-publish","hentry"],"_links":{"self":[{"href":"http:\/\/www.gasserdaniel.ch\/index.php?rest_route=\/wp\/v2\/pages\/1818","targetHints":{"allow":["GET"]}}],"collection":[{"href":"http:\/\/www.gasserdaniel.ch\/index.php?rest_route=\/wp\/v2\/pages"}],"about":[{"href":"http:\/\/www.gasserdaniel.ch\/index.php?rest_route=\/wp\/v2\/types\/page"}],"author":[{"embeddable":true,"href":"http:\/\/www.gasserdaniel.ch\/index.php?rest_route=\/wp\/v2\/users\/1"}],"replies":[{"embeddable":true,"href":"http:\/\/www.gasserdaniel.ch\/index.php?rest_route=%2Fwp%2Fv2%2Fcomments&post=1818"}],"version-history":[{"count":5,"href":"http:\/\/www.gasserdaniel.ch\/index.php?rest_route=\/wp\/v2\/pages\/1818\/revisions"}],"predecessor-version":[{"id":1826,"href":"http:\/\/www.gasserdaniel.ch\/index.php?rest_route=\/wp\/v2\/pages\/1818\/revisions\/1826"}],"wp:attachment":[{"href":"http:\/\/www.gasserdaniel.ch\/index.php?rest_route=%2Fwp%2Fv2%2Fmedia&parent=1818"}],"curies":[{"name":"wp","href":"https:\/\/api.w.org\/{rel}","templated":true}]}}