{"id":180,"date":"2011-03-16T11:04:09","date_gmt":"2011-03-16T11:04:09","guid":{"rendered":"http:\/\/www.gasserdaniel.ch\/?page_id=180"},"modified":"2024-03-25T18:02:55","modified_gmt":"2024-03-25T18:02:55","slug":"projekte","status":"publish","type":"page","link":"http:\/\/www.gasserdaniel.ch\/?page_id=180","title":{"rendered":"Projekte"},"content":{"rendered":"\n<p>Hier die Auflistung einiger\u00a0Projekte\u00a0die ich in den letzten Jahren geleitet oder mitbegleitet habe.<\/p>\n\n\n\n<h2 class=\"wp-block-heading has-medium-font-size\">Beruflich<\/h2>\n\n\n\n<p><strong>Reorganisation der Gemeindeverwaltung 2023<\/strong> (vom CEO- zum operativen Modell)<\/p>\n\n\n\n<ul class=\"wp-block-list\">\n<li>Projektleitung<\/li>\n<\/ul>\n\n\n\n<p><strong>Gesch\u00e4ftsf\u00fchrer der Gemeinde Ebikon<\/strong> (Dez. 22 &#8211; Sept. 23)<\/p>\n\n\n\n<ul class=\"wp-block-list\">\n<li>Gesch\u00e4ftsf\u00fchrer<\/li>\n<\/ul>\n\n\n\n<p><strong>Revision der <a href=\"https:\/\/www.ebikon.ch\/topics\/politik-partizipation\/vernehmlassung-einwohnerrat\">Gemeindeordnung<\/a> 2021 <\/strong>(im Hinblick auf den Einwohnerrat)<\/p>\n\n\n\n<ul class=\"wp-block-list\">\n<li>Projektleitung<\/li>\n<\/ul>\n\n\n\n<p><strong>Strategie der Gemeinde Ebikon 2021 <a href=\"https:\/\/www.ebikon.ch\/topics\/politik-partizipation\/vision-strategie-legislaturprogramm\">Strategie<\/a><\/strong><\/p>\n\n\n\n<ul class=\"wp-block-list\">\n<li>Gesamtleitung<\/li>\n<\/ul>\n\n\n\n<p><strong>Gemeindeorganisation Ebikon 2016<\/strong><\/p>\n\n\n\n<ul class=\"wp-block-list\">\n<li>Leitung Projektsteuerung und Teilprojekte<\/li>\n<\/ul>\n\n\n\n<p><strong>Strategie der Gemeinde Ebikon 2017<\/strong> <a href=\"https:\/\/www.ebikon.ch\/politik\/gemeinderat\/strategie\/#strategie-download\">Strategie<\/a><\/p>\n\n\n\n<ul class=\"wp-block-list\">\n<li>Gesamtleitung<\/li>\n<\/ul>\n\n\n\n<p><strong>40 Jahre Musikschule Ebikon 2010<\/strong><\/p>\n\n\n\n<ul class=\"wp-block-list\">\n<li>Leitung Gesamt-OK<\/li>\n\n\n\n<li>Leitung OK Jubil\u00e4umsfest<\/li>\n<\/ul>\n\n\n\n<p><strong>First Groove Band<\/strong> FGB<\/p>\n\n\n\n<ul class=\"wp-block-list\">\n<li>11 Jahre Dirigent und musikalische Gesamtleitung<\/li>\n\n\n\n<li>Mitorganisation von 11 Jugendmusiklagern<\/li>\n<\/ul>\n\n\n\n<p><strong>Young Wind Band<\/strong> <a href=\"http:\/\/ywb.ch\/\">www.ywb.ch<\/a><\/p>\n\n\n\n<ul class=\"wp-block-list\">\n<li>Mitorganisation von Jugendmusikfesten und Lagern<\/li>\n\n\n\n<li>Ehrenmitglied<\/li>\n<\/ul>\n\n\n\n<p><strong>Diplomarbeit Threestyle<\/strong> <a href=\"http:\/\/www.threestyle.ch\">www.threestyle.ch<\/a><\/p>\n\n\n\n<ul class=\"wp-block-list\">\n<li>pers\u00f6nliche Diplomarbeit<\/li>\n\n\n\n<li>Leitung aller Gremien insbesondere Showcase<\/li>\n<\/ul>\n\n\n\n<h2 class=\"wp-block-heading has-medium-font-size\">Privat<\/h2>\n\n\n\n<p><strong>\u00c4biker Cher <\/strong><a href=\"https:\/\/aebiker-cher.ch\/\">www.aebiker-cher.ch<\/a><\/p>\n\n\n\n<ul class=\"wp-block-list\">\n<li>Initiant und Mitbegr\u00fcnder<\/li>\n<\/ul>\n\n\n\n<p><strong>\u00c4biker Wageborg<\/strong> <a href=\"https:\/\/www.facebook.com\/Wageborg\/\">www.facebook.com\/Wageborg<\/a><\/p>\n\n\n\n<ul class=\"wp-block-list\">\n<li>Initiant und Mitbegr\u00fcnder<\/li>\n<\/ul>\n\n\n\n<p><strong>N\u00e4belh\u00fc\u00fcler \u00c4bike<\/strong> <a href=\"http:\/\/www.nh-ebikon.ch\">www.nh-ebikon.ch<\/a><\/p>\n\n\n\n<ul class=\"wp-block-list\">\n<li>Gr\u00fcndungsmitglied<\/li>\n\n\n\n<li>20 Jahre Vorstandsarbeit<\/li>\n\n\n\n<li>26 Jahre musikalischer Leiter<\/li>\n\n\n\n<li>Ehrenmitglied (goldener Violinschl\u00fcssel)<\/li>\n<\/ul>\n\n\n\n<p><strong>UKW Brassband<\/strong> <a href=\"http:\/\/www.ukw-brass.ch\">www.ukw-brass.ch<\/a><\/p>\n\n\n\n<ul class=\"wp-block-list\">\n<li>Initiant und Mitbegr\u00fcnder<\/li>\n\n\n\n<li>musikalischer Leiter seit 1993<\/li>\n<\/ul>\n\n\n\n<p><strong>Voil\u00e0 Brass- &amp; Volksmusik<\/strong> <a href=\"http:\/\/www.facebook.com\">www.facebook.com<\/a> \/Voil\u00e0<\/p>\n\n\n\n<ul class=\"wp-block-list\">\n<li>Initiant und Mitbegr\u00fcnder<\/li>\n\n\n\n<li>musikalischer Leiter<\/li>\n<\/ul>\n","protected":false},"excerpt":{"rendered":"<p>Hier die Auflistung einiger\u00a0Projekte\u00a0die ich in den letzten Jahren geleitet oder mitbegleitet habe. Beruflich Reorganisation der Gemeindeverwaltung 2023 (vom CEO- zum operativen Modell) Gesch\u00e4ftsf\u00fchrer der Gemeinde Ebikon (Dez. 22 &#8211; Sept. 23) Revision der Gemeindeordnung 2021 (im Hinblick auf den &hellip; <a href=\"http:\/\/www.gasserdaniel.ch\/?page_id=180\">Weiterlesen <span class=\"meta-nav\">&rarr;<\/span><\/a><\/p>\n","protected":false},"author":1,"featured_media":1068,"parent":0,"menu_order":3,"comment_status":"closed","ping_status":"closed","template":"","meta":{"footnotes":""},"class_list":["post-180","page","type-page","status-publish","has-post-thumbnail","hentry"],"_links":{"self":[{"href":"http:\/\/www.gasserdaniel.ch\/index.php?rest_route=\/wp\/v2\/pages\/180","targetHints":{"allow":["GET"]}}],"collection":[{"href":"http:\/\/www.gasserdaniel.ch\/index.php?rest_route=\/wp\/v2\/pages"}],"about":[{"href":"http:\/\/www.gasserdaniel.ch\/index.php?rest_route=\/wp\/v2\/types\/page"}],"author":[{"embeddable":true,"href":"http:\/\/www.gasserdaniel.ch\/index.php?rest_route=\/wp\/v2\/users\/1"}],"replies":[{"embeddable":true,"href":"http:\/\/www.gasserdaniel.ch\/index.php?rest_route=%2Fwp%2Fv2%2Fcomments&post=180"}],"version-history":[{"count":35,"href":"http:\/\/www.gasserdaniel.ch\/index.php?rest_route=\/wp\/v2\/pages\/180\/revisions"}],"predecessor-version":[{"id":1983,"href":"http:\/\/www.gasserdaniel.ch\/index.php?rest_route=\/wp\/v2\/pages\/180\/revisions\/1983"}],"wp:featuredmedia":[{"embeddable":true,"href":"http:\/\/www.gasserdaniel.ch\/index.php?rest_route=\/wp\/v2\/media\/1068"}],"wp:attachment":[{"href":"http:\/\/www.gasserdaniel.ch\/index.php?rest_route=%2Fwp%2Fv2%2Fmedia&parent=180"}],"curies":[{"name":"wp","href":"https:\/\/api.w.org\/{rel}","templated":true}]}}